{"id":2713,"date":"2018-02-23T12:13:45","date_gmt":"2018-02-23T12:13:45","guid":{"rendered":"https:\/\/www.vicpuntzero.cat\/?page_id=2713"},"modified":"2026-02-18T12:35:28","modified_gmt":"2026-02-18T11:35:28","slug":"visita","status":"publish","type":"page","link":"https:\/\/www.vicpuntzero.cat\/es\/visita\/","title":{"rendered":"El espacio"},"content":{"rendered":"\t\t<div data-elementor-type=\"wp-post\" data-elementor-id=\"2713\" class=\"elementor elementor-2713 elementor-5\" data-elementor-post-type=\"page\">\n\t\t\t\t\t\t<section class=\"elementor-section elementor-top-section elementor-element elementor-element-120bc098 elementor-section-height-min-height elementor-section-items-stretch elementor-section-boxed elementor-section-height-default\" data-id=\"120bc098\" data-element_type=\"section\" data-e-type=\"section\" id=\"uppage\" data-settings=\"{&quot;background_background&quot;:&quot;classic&quot;}\">\n\t\t\t\t\t\t\t<div class=\"elementor-background-overlay\"><\/div>\n\t\t\t\t\t\t\t<div class=\"elementor-container elementor-column-gap-default\">\n\t\t\t\t\t<div class=\"elementor-column elementor-col-100 elementor-top-column elementor-element elementor-element-62fdaba3\" data-id=\"62fdaba3\" data-element_type=\"column\" data-e-type=\"column\">\n\t\t\t<div class=\"elementor-widget-wrap elementor-element-populated\">\n\t\t\t\t\t\t<div class=\"elementor-element elementor-element-b4fad68 elementor-widget elementor-widget-heading\" data-id=\"b4fad68\" data-element_type=\"widget\" data-e-type=\"widget\" data-widget_type=\"heading.default\">\n\t\t\t\t<div class=\"elementor-widget-container\">\n\t\t\t\t\t<h1 class=\"elementor-heading-title elementor-size-xxl\">Visita el espacio<\/h1>\t\t\t\t<\/div>\n\t\t\t\t<\/div>\n\t\t\t\t<div class=\"elementor-element elementor-element-06888e8 elementor-widget elementor-widget-heading\" data-id=\"06888e8\" data-element_type=\"widget\" data-e-type=\"widget\" data-widget_type=\"heading.default\">\n\t\t\t\t<div class=\"elementor-widget-container\">\n\t\t\t\t\t<h2 class=\"elementor-heading-title elementor-size-xl\">Visita el Vicpuntzero<br><\/h2>\t\t\t\t<\/div>\n\t\t\t\t<\/div>\n\t\t\t\t<div class=\"elementor-element elementor-element-92537d1 elementor-widget elementor-widget-text-editor\" data-id=\"92537d1\" data-element_type=\"widget\" data-e-type=\"widget\" data-widget_type=\"text-editor.default\">\n\t\t\t\t<div class=\"elementor-widget-container\">\n\t\t\t\t\t\t\t\t\t<h3><strong>Experiencia Vicpuntzero<\/strong><\/h3><p>Visita guiada por todos los espacios del recinto, que incluye el yacimiento arqueol\u00f3gico, la subida al campanario, el espacio sobre capillas, el coro y el audiovisual inmersivo. \u00a0Duraci\u00f3n 1&#8217;5h.\u00a0 Punto de inicio: Oficina de Turismo, plaza del Pes.<\/p><h3><strong style=\"color: inherit; font-family: inherit; font-size: 1.75rem; letter-spacing: 0.4px;\">Descubrir Vic<\/strong><\/h3><h5>Esta visita propone conocer el yacimiento arqueol\u00f3gico del Vicpuntzero con la visualizaci\u00f3n del audiovisual inmersivo, subida al campanario y visita a la iglesia de la Pietat. A continuaci\u00f3n se hace un recorrido por una parte del centro hist\u00f3rico de la ciudad con entrada a la nave central de la catedral.\u00a0 Duraci\u00f3n 2h.\u00a0 Punto de inicio: Oficina de Turismo, plaza del Pes.<\/h5><h5>\u00a0<\/h5><h5>Todas las visitas comienzan en la Oficina de Turismo, en la plaza del Pes.<\/h5><h5><strong>Las visitas programadas son en catal\u00e1n.\u00a0 El audiovisual inmersivo se puede visualizar tambi\u00e9n en castellano, ingl\u00e9s o franc\u00e9s previa solicitud en la Oficina de Turismo.\u00a0 Para visitas completas en otros idiomas (castellano, ingl\u00e9s y franc\u00e9s) hay que hacer reserva previa.<\/strong><\/h5><p><strong>La visita guiada Experiencia Vicpuntzero ofrece un servicio de audiogu\u00eda en espa\u00f1ol, ingl\u00e9s y franc\u00e9s<\/strong>. Mientras el gu\u00eda realiza la visita en catal\u00e1n, quienes hayan adquirido la audiogu\u00eda pueden seguir el recorrido al mismo tiempo en el idioma que prefieran.\u00a0 \u00a0 \u00a0 \u00a0 \u00a0 \u00a0 \u00a0 \u00a0 \u00a0 \u00a0 \u00a0 \u00a0 \u00a0 \u00a0 \u00a0 \u00a0 \u00a0 \u00a0 \u00a0 \u00a0 \u00a0 \u00a0 \u00a0 \u00a0 \u00a0 \u00a0 \u00a0 \u00a0 \u00a0 Para utilizar este servicio, solo hay que comunicarlo en el mostrador de la Oficina de Turismo de Vic. Una vez compradas las entradas, se les proporcionar\u00e1 un c\u00f3digo QR para acceder a la audiogu\u00eda. <strong>Es imprescindible disponer de un tel\u00e9fono m\u00f3vil smartphone y auriculares.<\/strong><\/p><h5>Para visitas a la carta y otros idiomas, contactar por tel\u00e9fono al 93 886 20 91 o por correo electr\u00f3nico a: turisme@vic.cat<\/h5><h3>\u00a0<\/h3><h3><strong>Entrada libre a la iglesia de la Pietat<\/strong><\/h3><h5>Todos los s\u00e1bados, domingos y festivos de 10h a 12h.<\/h5><h5>(A partir de las 11.45h ya no se podr\u00e1 acceder al recinto).<\/h5><h5>Los espacios visitables son: nave central, sacrist\u00eda, capilla Fonda, coro y sobrecapillas.<br \/>El campanario y el audiovisual inmersivo est\u00e1n reservados para las visitas guiadas.<\/h5>\t\t\t\t\t\t\t\t<\/div>\n\t\t\t\t<\/div>\n\t\t\t\t<div class=\"elementor-element elementor-element-10a7ce7 elementor-widget elementor-widget-text-editor\" data-id=\"10a7ce7\" data-element_type=\"widget\" data-e-type=\"widget\" data-widget_type=\"text-editor.default\">\n\t\t\t\t<div class=\"elementor-widget-container\">\n\t\t\t\t\t\t\t\t\t<h3><strong>Horarios de visitas:<\/strong><\/h3><h4><strong>\u2013S\u00e1bados:<\/strong><\/h4><h5><em>Experiencia Vicpuntzero<\/em> a las 12h<\/h5><h5><em>Descubrir Vic<\/em> a las 17h<\/h5><h4><strong>\u2013Domingos y festivos:<\/strong><\/h4><h5><em><span style=\"font-size: 1.25rem; letter-spacing: 0.4px;\">Experiencia Vicpuntzero<\/span><\/em> a las 12 h<\/h5><h6>\u00a0<\/h6><h5>Las visitas programadas se hacen en catal\u00e1n. Se pueden contratar visitas a la carta en castellano en la Oficina de Turismo, tel. 938862091.<\/h5><h5>\u00a0<\/h5><h3><strong>Precios visitas:<\/strong><\/h3><h5><span style=\"font-size: 1.25rem; letter-spacing: 0.4px;\">Experiencia Vicpuntzero<\/span>: 6\u20ac<\/h5><h5>Descubrir Vic: 8\u20ac<\/h5><h5>Visita nocturna: 8\u20ac<\/h5><h5>Entrada reducida: 4\u20ac<\/h5><h5>* Entrada reducida para personas jubiladas, en situaci\u00f3n de paro, pensionistas o con un m\u00ednimo del 33% de diversidad funcional. Tambi\u00e9n personas con carn\u00e9 de estudiante, carn\u00e9 joven, carn\u00e9 de docente, carn\u00e9 de familia monoparental o numerosa. Habr\u00e1 que acreditar la condici\u00f3n aducida en aquellas entradas compradas a trav\u00e9s del web. Los pagos presenciales de entradas a la Oficina de Turismo solo se pueden hacer con tarjeta bancaria. Entrada gratuita para menores hasta 10 a\u00f1os.<\/h5>\t\t\t\t\t\t\t\t<\/div>\n\t\t\t\t<\/div>\n\t\t\t\t<div class=\"elementor-element elementor-element-098c90d elementor-widget elementor-widget-text-editor\" data-id=\"098c90d\" data-element_type=\"widget\" data-e-type=\"widget\" data-widget_type=\"text-editor.default\">\n\t\t\t\t<div class=\"elementor-widget-container\">\n\t\t\t\t\t\t\t\t\t<h3><strong>Grupos:<\/strong><\/h3><p>(entre 10 y 20 personas con reserva previa por tel\u00e9fono al 93 886 20 91 o por el correo electr\u00f3nico: turisme@vic.cat)<\/p><h5>Las visitas de grupos se pueden concertar dentro o fuera de los horarios y d\u00edas de visitas establecidos.<\/h5><h5><span style=\"letter-spacing: 0.4px;\">No se devuelve el dinero de las cancelaciones parciales que se puedan producir en el grupo.<\/span><\/h5><p>Centros educativos con reserva a trav\u00e9s del Museo de Arte Medieval: reserves@museuartmedieval.cat o por tel\u00e9fono: 93 886 93 60.<\/p><h3><b>Condiciones de la visita a tener en cuenta:<\/b><\/h3><ul><li><span style=\"background-color: transparent; letter-spacing: 0.4px;\">La entrada para hacer la visita se recoger\u00e1 en la Oficina de Turismo de Vic. Las visitas comenzar\u00e1n en la misma oficina.<\/span><\/li><li><span style=\"background-color: transparent; letter-spacing: 0.4px;\">Es necesario comprar la entrada a trav\u00e9s de nuestra p\u00e1gina web: www.vicpuntzero.cat o a partir de media hora antes de cada sesi\u00f3n y hasta diez minutos antes en la Oficina de Turismo de Vic.<\/span><\/li><li><span style=\"background-color: transparent; letter-spacing: 0.4px;\">No se puede entrar en el recinto sin gu\u00eda.<\/span><\/li><li>Debido a las caracter\u00edsticas del espacio, se debe llevar calzado c\u00f3modo, en ning\u00fan caso tac\u00f3n de aguja.<\/li><li>La visita es accesible para personas con diversidad funcional a excepci\u00f3n del campanario y los espacios elevados de la iglesia.<\/li><li><h5>Las visitas programadas se hacen en catal\u00e1n. Se pueden contratar visitas a la carta en castellano en la Oficina de Turismo, tel. 938862091.<\/h5><\/li><li><h5>No se permite la entrada con animales de compa\u00f1\u00eda, a excepci\u00f3n de perros gu\u00edas.<\/h5><\/li><li>Si hay alguna duda o problema con la inscripci\u00f3n se puede llamar al tel\u00e9fono 938 86 20 91 o enviar un correo electr\u00f3nico: turisme@vic.cat<\/li><\/ul>\t\t\t\t\t\t\t\t<\/div>\n\t\t\t\t<\/div>\n\t\t\t\t\t<\/div>\n\t\t<\/div>\n\t\t\t\t\t<\/div>\n\t\t<\/section>\n\t\t\t\t<section class=\"elementor-section elementor-top-section elementor-element elementor-element-4d8fd6e elementor-section-boxed elementor-section-height-default elementor-section-height-default\" data-id=\"4d8fd6e\" data-element_type=\"section\" data-e-type=\"section\" data-settings=\"{&quot;background_background&quot;:&quot;classic&quot;}\">\n\t\t\t\t\t\t<div class=\"elementor-container elementor-column-gap-default\">\n\t\t\t\t\t<div class=\"elementor-column elementor-col-100 elementor-top-column elementor-element elementor-element-6c260d9\" data-id=\"6c260d9\" data-element_type=\"column\" data-e-type=\"column\" data-settings=\"{&quot;background_background&quot;:&quot;classic&quot;}\">\n\t\t\t<div class=\"elementor-widget-wrap elementor-element-populated\">\n\t\t\t\t\t\t<div class=\"elementor-element elementor-element-7e080b4 elementor-widget elementor-widget-heading\" data-id=\"7e080b4\" data-element_type=\"widget\" data-e-type=\"widget\" data-widget_type=\"heading.default\">\n\t\t\t\t<div class=\"elementor-widget-container\">\n\t\t\t\t\t<h2 class=\"elementor-heading-title elementor-size-default\">Mapa<\/h2>\t\t\t\t<\/div>\n\t\t\t\t<\/div>\n\t\t\t\t<div class=\"elementor-element elementor-element-3714701 elementor-widget elementor-widget-shortcode\" data-id=\"3714701\" data-element_type=\"widget\" data-e-type=\"widget\" data-widget_type=\"shortcode.default\">\n\t\t\t\t<div class=\"elementor-widget-container\">\n\t\t\t\t\t\t\t<div class=\"elementor-shortcode\"><!-- vision begin -->\n<div class=\"vision-map vision-map-2\"data-json-src=\"https:\/\/www.vicpuntzero.cat\/wp-content\/uploads\/vision\/2\/config.json?ver=1679378099\" data-item-id=\"2\" tabindex=\"1\" style=\"display:none;\" >\n<div class=\"vision-store\">\n<div class=\"vision-layers-data\">\n<div class=\"vision-layer\" data-layer-id=\"429d4164\"><\/div>\n<div class=\"vision-layer\" data-layer-id=\"149627ad\"><\/div>\n<div class=\"vision-layer\" data-layer-id=\"9764fd90\"><\/div>\n<div class=\"vision-layer\" data-layer-id=\"3c5a57be\"><\/div>\n<div class=\"vision-layer\" data-layer-id=\"03dea59d\"><\/div>\n<\/div>\n<div class=\"vision-tooltips-data\">\n<div class=\"vision-data\" data-layer-id=\"429d4164\"><p style=\"text-align: center; font-size: 22px;\"><strong>Capilla Fonda<\/strong><\/p>\n<p><img fetchpriority=\"high\" decoding=\"async\" class=\"alignnone size-medium wp-image-599\" src=\"https:\/\/www.vicpuntzero.cat\/wp-content\/uploads\/2020\/12\/Capella-Fonda-300x169.jpg\" alt=\"\" width=\"300\" height=\"169\" srcset=\"https:\/\/www.vicpuntzero.cat\/wp-content\/uploads\/2020\/12\/Capella-Fonda-300x169.jpg 300w, https:\/\/www.vicpuntzero.cat\/wp-content\/uploads\/2020\/12\/Capella-Fonda-600x338.jpg 600w, https:\/\/www.vicpuntzero.cat\/wp-content\/uploads\/2020\/12\/Capella-Fonda-1024x578.jpg 1024w, https:\/\/www.vicpuntzero.cat\/wp-content\/uploads\/2020\/12\/Capella-Fonda-768x433.jpg 768w, https:\/\/www.vicpuntzero.cat\/wp-content\/uploads\/2020\/12\/Capella-Fonda-1536x866.jpg 1536w, https:\/\/www.vicpuntzero.cat\/wp-content\/uploads\/2020\/12\/Capella-Fonda.jpg 1920w\" sizes=\"(max-width: 300px) 100vw, 300px\" \/><\/p>\n<center><a href=\"\/es\/contingut-loc1\/\"><button>Siga<\/button><\/a><\/center><\/div>\n<div class=\"vision-data\" data-layer-id=\"149627ad\"><p style=\"text-align: center; font-size: 22px;\"><strong>Campanario<\/strong><\/p>\n<p><img decoding=\"async\" class=\"wp-image-645 size-medium aligncenter\" src=\"https:\/\/www.vicpuntzero.cat\/wp-content\/uploads\/2020\/12\/Campanar-2-225x300.jpg\" alt=\"\" width=\"225\" height=\"300\" srcset=\"https:\/\/www.vicpuntzero.cat\/wp-content\/uploads\/2020\/12\/Campanar-2-225x300.jpg 225w, https:\/\/www.vicpuntzero.cat\/wp-content\/uploads\/2020\/12\/Campanar-2-600x800.jpg 600w, https:\/\/www.vicpuntzero.cat\/wp-content\/uploads\/2020\/12\/Campanar-2-768x1024.jpg 768w, https:\/\/www.vicpuntzero.cat\/wp-content\/uploads\/2020\/12\/Campanar-2-1152x1536.jpg 1152w, https:\/\/www.vicpuntzero.cat\/wp-content\/uploads\/2020\/12\/Campanar-2.jpg 1440w\" sizes=\"(max-width: 225px) 100vw, 225px\" \/><\/p>\n<center><a href=\"\/es\/contingut-loc4\/\"><button>Siga<\/button><\/a><\/center><\/div>\n<div class=\"vision-data\" data-layer-id=\"9764fd90\"><p style=\"text-align: center; font-size: 22px;\"><strong>Nave central<\/strong><\/p>\n<p><img decoding=\"async\" class=\"wp-image-1721 size-medium aligncenter\" src=\"https:\/\/www.vicpuntzero.cat\/wp-content\/uploads\/2021\/01\/nau-central-1-300x200.jpg\" alt=\"\" width=\"300\" height=\"200\" srcset=\"https:\/\/www.vicpuntzero.cat\/wp-content\/uploads\/2021\/01\/nau-central-1-300x200.jpg 300w, https:\/\/www.vicpuntzero.cat\/wp-content\/uploads\/2021\/01\/nau-central-1-600x400.jpg 600w, https:\/\/www.vicpuntzero.cat\/wp-content\/uploads\/2021\/01\/nau-central-1-1024x683.jpg 1024w, https:\/\/www.vicpuntzero.cat\/wp-content\/uploads\/2021\/01\/nau-central-1-768x512.jpg 768w, https:\/\/www.vicpuntzero.cat\/wp-content\/uploads\/2021\/01\/nau-central-1-1536x1024.jpg 1536w, https:\/\/www.vicpuntzero.cat\/wp-content\/uploads\/2021\/01\/nau-central-1.jpg 1920w\" sizes=\"(max-width: 300px) 100vw, 300px\" \/><\/p>\n<center><a href=\"\/es\/contingut-loc2\/\"><button>Siga<\/button><\/a><\/center><\/div>\n<div class=\"vision-data\" data-layer-id=\"3c5a57be\"><p style=\"text-align: center; font-size: 22px;\"><span style=\"font-size: 22px;\"><b>Capilla dels Sants M\u00e0rtirs<\/b><\/span><\/p>\n<p><img loading=\"lazy\" decoding=\"async\" class=\"alignnone size-medium wp-image-612\" src=\"https:\/\/www.vicpuntzero.cat\/wp-content\/uploads\/2020\/12\/Capella-dels-Sants-Martirs-300x169.jpg\" alt=\"\" width=\"300\" height=\"169\" srcset=\"https:\/\/www.vicpuntzero.cat\/wp-content\/uploads\/2020\/12\/Capella-dels-Sants-Martirs-300x169.jpg 300w, https:\/\/www.vicpuntzero.cat\/wp-content\/uploads\/2020\/12\/Capella-dels-Sants-Martirs-600x338.jpg 600w, https:\/\/www.vicpuntzero.cat\/wp-content\/uploads\/2020\/12\/Capella-dels-Sants-Martirs-1024x578.jpg 1024w, https:\/\/www.vicpuntzero.cat\/wp-content\/uploads\/2020\/12\/Capella-dels-Sants-Martirs-768x433.jpg 768w, https:\/\/www.vicpuntzero.cat\/wp-content\/uploads\/2020\/12\/Capella-dels-Sants-Martirs-1536x866.jpg 1536w, https:\/\/www.vicpuntzero.cat\/wp-content\/uploads\/2020\/12\/Capella-dels-Sants-Martirs.jpg 1920w\" sizes=\"(max-width: 300px) 100vw, 300px\" \/><\/p>\n<center><a href=\"\/es\/contingut-loc3\/\"><button>Siga<\/button><\/a><\/center><\/div>\n<div class=\"vision-data\" data-layer-id=\"03dea59d\"><p style=\"font-size: 22px; text-align: center;\"><span style=\"font-size: 22px;\"><b>Sacrist\u00eda<\/b><\/span><\/p>\n<p><img loading=\"lazy\" decoding=\"async\" class=\"alignnone size-medium wp-image-620\" src=\"https:\/\/www.vicpuntzero.cat\/wp-content\/uploads\/2020\/12\/Sagristia-300x169.jpg\" alt=\"\" width=\"300\" height=\"169\" srcset=\"https:\/\/www.vicpuntzero.cat\/wp-content\/uploads\/2020\/12\/Sagristia-300x169.jpg 300w, https:\/\/www.vicpuntzero.cat\/wp-content\/uploads\/2020\/12\/Sagristia-600x338.jpg 600w, https:\/\/www.vicpuntzero.cat\/wp-content\/uploads\/2020\/12\/Sagristia-1024x578.jpg 1024w, https:\/\/www.vicpuntzero.cat\/wp-content\/uploads\/2020\/12\/Sagristia-768x433.jpg 768w, https:\/\/www.vicpuntzero.cat\/wp-content\/uploads\/2020\/12\/Sagristia-1536x866.jpg 1536w, https:\/\/www.vicpuntzero.cat\/wp-content\/uploads\/2020\/12\/Sagristia.jpg 1920w\" sizes=\"(max-width: 300px) 100vw, 300px\" \/><\/p>\n<center><a href=\"\/es\/contingut-loc5\/\"><button>Siga<\/button><\/a><\/center><\/div>\n<\/div>\n<div class=\"vision-popovers-data\">\n<div class=\"vision-data\" data-layer-id=\"429d4164\"><p>Capella Fonda<\/p><\/div>\n<div class=\"vision-data\" data-layer-id=\"149627ad\"><p>Capella Fonda<\/p><\/div>\n<div class=\"vision-data\" data-layer-id=\"9764fd90\"><p>Capella Fonda<\/p><\/div>\n<div class=\"vision-data\" data-layer-id=\"3c5a57be\"><p>Capella Fonda<\/p><\/div>\n<div class=\"vision-data\" data-layer-id=\"03dea59d\"><p>Capella Fonda<\/p><\/div>\n<\/div>\n<\/div>\n<\/div>\n<!-- vision end -->\n<\/div>\n\t\t\t\t\t\t<\/div>\n\t\t\t\t<\/div>\n\t\t\t\t\t<\/div>\n\t\t<\/div>\n\t\t\t\t\t<\/div>\n\t\t<\/section>\n\t\t\t\t<section class=\"elementor-section elementor-top-section elementor-element elementor-element-64e7111 elementor-section-boxed elementor-section-height-default elementor-section-height-default\" data-id=\"64e7111\" data-element_type=\"section\" data-e-type=\"section\">\n\t\t\t\t\t\t<div class=\"elementor-container elementor-column-gap-default\">\n\t\t\t\t\t<div class=\"elementor-column elementor-col-100 elementor-top-column elementor-element elementor-element-5c0d02d\" data-id=\"5c0d02d\" data-element_type=\"column\" data-e-type=\"column\">\n\t\t\t<div class=\"elementor-widget-wrap\">\n\t\t\t\t\t\t\t<\/div>\n\t\t<\/div>\n\t\t\t\t\t<\/div>\n\t\t<\/section>\n\t\t\t\t<\/div>\n\t\t","protected":false},"excerpt":{"rendered":"<p>Visita el espacio Visita el Vicpuntzero Experiencia Vicpuntzero Visita guiada por todos los espacios del recinto, que incluye el yacimiento arqueol\u00f3gico, la subida al campanario, el espacio sobre capillas, el coro y el audiovisual inmersivo. \u00a0Duraci\u00f3n 1&#8217;5h.\u00a0 Punto de inicio: Oficina de Turismo, plaza del Pes. Descubrir Vic Esta visita propone conocer el yacimiento arqueol\u00f3gico [&hellip;]<\/p>\n","protected":false},"author":1,"featured_media":3581,"parent":0,"menu_order":0,"comment_status":"closed","ping_status":"open","template":"","meta":{"footnotes":""},"class_list":["post-2713","page","type-page","status-publish","has-post-thumbnail","hentry"],"yoast_head":"<!-- This site is optimized with the Yoast SEO plugin v23.9 - https:\/\/yoast.com\/wordpress\/plugins\/seo\/ -->\n<title>El espacio | Vic<\/title>\n<meta name=\"description\" content=\"Visita Experiencia Vicpuntzero: visita guiada por todos los espacios del recinto, que incluye yacimiento arqueol\u00f3gico, la subida al campanario y el audiovisual. Visita Descubrir Vic: visita guiada por todos los espacios del Vicpuntzero (yacimiento, campanario y audiovisual) que se convierte en el punto de partida para despu\u00e9s recorrer el centro hist\u00f3rico de la ciudad de Vic. Todas las visitas en el Vicpuntzero empiezan en la Oficina de Turismo de Vic, Plaza del pes, 1.\" \/>\n<meta name=\"robots\" content=\"index, follow, max-snippet:-1, max-image-preview:large, max-video-preview:-1\" \/>\n<link rel=\"canonical\" href=\"https:\/\/www.vicpuntzero.cat\/visita-el-vicpuntzero\/\" \/>\n<meta property=\"og:locale\" content=\"es_ES\" \/>\n<meta property=\"og:type\" content=\"article\" \/>\n<meta property=\"og:title\" content=\"El espacio | Vic\" \/>\n<meta property=\"og:description\" content=\"Visita Experiencia Vicpuntzero: visita guiada por todos los espacios del recinto, que incluye yacimiento arqueol\u00f3gico, la subida al campanario y el audiovisual. Visita Descubrir Vic: visita guiada por todos los espacios del Vicpuntzero (yacimiento, campanario y audiovisual) que se convierte en el punto de partida para despu\u00e9s recorrer el centro hist\u00f3rico de la ciudad de Vic. Todas las visitas en el Vicpuntzero empiezan en la Oficina de Turismo de Vic, Plaza del pes, 1.\" \/>\n<meta property=\"og:url\" content=\"https:\/\/www.vicpuntzero.cat\/visita-el-vicpuntzero\/\" \/>\n<meta property=\"og:site_name\" content=\"Vic\" \/>\n<meta property=\"article:modified_time\" content=\"2026-02-18T11:35:28+00:00\" \/>\n<meta property=\"og:image\" content=\"https:\/\/www.vicpuntzero.cat\/wp-content\/uploads\/2021\/03\/mapa-vicpuntzero.png\" \/>\n\t<meta property=\"og:image:width\" content=\"900\" \/>\n\t<meta property=\"og:image:height\" content=\"914\" \/>\n\t<meta property=\"og:image:type\" content=\"image\/png\" \/>\n<meta name=\"twitter:card\" content=\"summary_large_image\" \/>\n<meta name=\"twitter:label1\" content=\"Tiempo de lectura\" \/>\n\t<meta name=\"twitter:data1\" content=\"4 minutos\" \/>\n<script type=\"application\/ld+json\" class=\"yoast-schema-graph\">{\"@context\":\"https:\/\/schema.org\",\"@graph\":[{\"@type\":\"WebPage\",\"@id\":\"https:\/\/www.vicpuntzero.cat\/visita-el-vicpuntzero\/\",\"url\":\"https:\/\/www.vicpuntzero.cat\/visita-el-vicpuntzero\/\",\"name\":\"El espacio | Vic\",\"isPartOf\":{\"@id\":\"https:\/\/www.vicpuntzero.cat\/#website\"},\"primaryImageOfPage\":{\"@id\":\"https:\/\/www.vicpuntzero.cat\/visita-el-vicpuntzero\/#primaryimage\"},\"image\":{\"@id\":\"https:\/\/www.vicpuntzero.cat\/visita-el-vicpuntzero\/#primaryimage\"},\"thumbnailUrl\":\"https:\/\/www.vicpuntzero.cat\/wp-content\/uploads\/2021\/03\/mapa-vicpuntzero.png\",\"datePublished\":\"2018-02-23T12:13:45+00:00\",\"dateModified\":\"2026-02-18T11:35:28+00:00\",\"description\":\"Visita Experiencia Vicpuntzero: visita guiada por todos los espacios del recinto, que incluye yacimiento arqueol\u00f3gico, la subida al campanario y el audiovisual. Visita Descubrir Vic: visita guiada por todos los espacios del Vicpuntzero (yacimiento, campanario y audiovisual) que se convierte en el punto de partida para despu\u00e9s recorrer el centro hist\u00f3rico de la ciudad de Vic. Todas las visitas en el Vicpuntzero empiezan en la Oficina de Turismo de Vic, Plaza del pes, 1.\",\"breadcrumb\":{\"@id\":\"https:\/\/www.vicpuntzero.cat\/visita-el-vicpuntzero\/#breadcrumb\"},\"inLanguage\":\"es\",\"potentialAction\":[{\"@type\":\"ReadAction\",\"target\":[\"https:\/\/www.vicpuntzero.cat\/visita-el-vicpuntzero\/\"]}]},{\"@type\":\"ImageObject\",\"inLanguage\":\"es\",\"@id\":\"https:\/\/www.vicpuntzero.cat\/visita-el-vicpuntzero\/#primaryimage\",\"url\":\"https:\/\/www.vicpuntzero.cat\/wp-content\/uploads\/2021\/03\/mapa-vicpuntzero.png\",\"contentUrl\":\"https:\/\/www.vicpuntzero.cat\/wp-content\/uploads\/2021\/03\/mapa-vicpuntzero.png\",\"width\":900,\"height\":914,\"caption\":\"Mapa\"},{\"@type\":\"BreadcrumbList\",\"@id\":\"https:\/\/www.vicpuntzero.cat\/visita-el-vicpuntzero\/#breadcrumb\",\"itemListElement\":[{\"@type\":\"ListItem\",\"position\":1,\"name\":\"Inici\",\"item\":\"https:\/\/www.vicpuntzero.cat\/\"},{\"@type\":\"ListItem\",\"position\":2,\"name\":\"El espacio\"}]},{\"@type\":\"WebSite\",\"@id\":\"https:\/\/www.vicpuntzero.cat\/#website\",\"url\":\"https:\/\/www.vicpuntzero.cat\/\",\"name\":\"Vic\",\"description\":\"L&#039;origen d&#039;una hist\u00f2ria\",\"publisher\":{\"@id\":\"https:\/\/www.vicpuntzero.cat\/#organization\"},\"potentialAction\":[{\"@type\":\"SearchAction\",\"target\":{\"@type\":\"EntryPoint\",\"urlTemplate\":\"https:\/\/www.vicpuntzero.cat\/?s={search_term_string}\"},\"query-input\":{\"@type\":\"PropertyValueSpecification\",\"valueRequired\":true,\"valueName\":\"search_term_string\"}}],\"inLanguage\":\"es\"},{\"@type\":\"Organization\",\"@id\":\"https:\/\/www.vicpuntzero.cat\/#organization\",\"name\":\"Vicpuntzero\",\"url\":\"https:\/\/www.vicpuntzero.cat\/\",\"logo\":{\"@type\":\"ImageObject\",\"inLanguage\":\"es\",\"@id\":\"https:\/\/www.vicpuntzero.cat\/#\/schema\/logo\/image\/\",\"url\":\"https:\/\/www.vicpuntzero.cat\/wp-content\/uploads\/2020\/12\/cropped-COLOR_POSITIU_HORITZONTAL.png\",\"contentUrl\":\"https:\/\/www.vicpuntzero.cat\/wp-content\/uploads\/2020\/12\/cropped-COLOR_POSITIU_HORITZONTAL.png\",\"width\":1920,\"height\":640,\"caption\":\"Vicpuntzero\"},\"image\":{\"@id\":\"https:\/\/www.vicpuntzero.cat\/#\/schema\/logo\/image\/\"}}]}<\/script>\n<!-- \/ Yoast SEO plugin. -->","yoast_head_json":{"title":"El espacio | Vic","description":"Visita Experiencia Vicpuntzero: visita guiada por todos los espacios del recinto, que incluye yacimiento arqueol\u00f3gico, la subida al campanario y el audiovisual. Visita Descubrir Vic: visita guiada por todos los espacios del Vicpuntzero (yacimiento, campanario y audiovisual) que se convierte en el punto de partida para despu\u00e9s recorrer el centro hist\u00f3rico de la ciudad de Vic. Todas las visitas en el Vicpuntzero empiezan en la Oficina de Turismo de Vic, Plaza del pes, 1.","robots":{"index":"index","follow":"follow","max-snippet":"max-snippet:-1","max-image-preview":"max-image-preview:large","max-video-preview":"max-video-preview:-1"},"canonical":"https:\/\/www.vicpuntzero.cat\/visita-el-vicpuntzero\/","og_locale":"es_ES","og_type":"article","og_title":"El espacio | Vic","og_description":"Visita Experiencia Vicpuntzero: visita guiada por todos los espacios del recinto, que incluye yacimiento arqueol\u00f3gico, la subida al campanario y el audiovisual. Visita Descubrir Vic: visita guiada por todos los espacios del Vicpuntzero (yacimiento, campanario y audiovisual) que se convierte en el punto de partida para despu\u00e9s recorrer el centro hist\u00f3rico de la ciudad de Vic. Todas las visitas en el Vicpuntzero empiezan en la Oficina de Turismo de Vic, Plaza del pes, 1.","og_url":"https:\/\/www.vicpuntzero.cat\/visita-el-vicpuntzero\/","og_site_name":"Vic","article_modified_time":"2026-02-18T11:35:28+00:00","og_image":[{"width":900,"height":914,"url":"https:\/\/www.vicpuntzero.cat\/wp-content\/uploads\/2021\/03\/mapa-vicpuntzero.png","type":"image\/png"}],"twitter_card":"summary_large_image","twitter_misc":{"Tiempo de lectura":"4 minutos"},"schema":{"@context":"https:\/\/schema.org","@graph":[{"@type":"WebPage","@id":"https:\/\/www.vicpuntzero.cat\/visita-el-vicpuntzero\/","url":"https:\/\/www.vicpuntzero.cat\/visita-el-vicpuntzero\/","name":"El espacio | Vic","isPartOf":{"@id":"https:\/\/www.vicpuntzero.cat\/#website"},"primaryImageOfPage":{"@id":"https:\/\/www.vicpuntzero.cat\/visita-el-vicpuntzero\/#primaryimage"},"image":{"@id":"https:\/\/www.vicpuntzero.cat\/visita-el-vicpuntzero\/#primaryimage"},"thumbnailUrl":"https:\/\/www.vicpuntzero.cat\/wp-content\/uploads\/2021\/03\/mapa-vicpuntzero.png","datePublished":"2018-02-23T12:13:45+00:00","dateModified":"2026-02-18T11:35:28+00:00","description":"Visita Experiencia Vicpuntzero: visita guiada por todos los espacios del recinto, que incluye yacimiento arqueol\u00f3gico, la subida al campanario y el audiovisual. Visita Descubrir Vic: visita guiada por todos los espacios del Vicpuntzero (yacimiento, campanario y audiovisual) que se convierte en el punto de partida para despu\u00e9s recorrer el centro hist\u00f3rico de la ciudad de Vic. Todas las visitas en el Vicpuntzero empiezan en la Oficina de Turismo de Vic, Plaza del pes, 1.","breadcrumb":{"@id":"https:\/\/www.vicpuntzero.cat\/visita-el-vicpuntzero\/#breadcrumb"},"inLanguage":"es","potentialAction":[{"@type":"ReadAction","target":["https:\/\/www.vicpuntzero.cat\/visita-el-vicpuntzero\/"]}]},{"@type":"ImageObject","inLanguage":"es","@id":"https:\/\/www.vicpuntzero.cat\/visita-el-vicpuntzero\/#primaryimage","url":"https:\/\/www.vicpuntzero.cat\/wp-content\/uploads\/2021\/03\/mapa-vicpuntzero.png","contentUrl":"https:\/\/www.vicpuntzero.cat\/wp-content\/uploads\/2021\/03\/mapa-vicpuntzero.png","width":900,"height":914,"caption":"Mapa"},{"@type":"BreadcrumbList","@id":"https:\/\/www.vicpuntzero.cat\/visita-el-vicpuntzero\/#breadcrumb","itemListElement":[{"@type":"ListItem","position":1,"name":"Inici","item":"https:\/\/www.vicpuntzero.cat\/"},{"@type":"ListItem","position":2,"name":"El espacio"}]},{"@type":"WebSite","@id":"https:\/\/www.vicpuntzero.cat\/#website","url":"https:\/\/www.vicpuntzero.cat\/","name":"Vic","description":"L&#039;origen d&#039;una hist\u00f2ria","publisher":{"@id":"https:\/\/www.vicpuntzero.cat\/#organization"},"potentialAction":[{"@type":"SearchAction","target":{"@type":"EntryPoint","urlTemplate":"https:\/\/www.vicpuntzero.cat\/?s={search_term_string}"},"query-input":{"@type":"PropertyValueSpecification","valueRequired":true,"valueName":"search_term_string"}}],"inLanguage":"es"},{"@type":"Organization","@id":"https:\/\/www.vicpuntzero.cat\/#organization","name":"Vicpuntzero","url":"https:\/\/www.vicpuntzero.cat\/","logo":{"@type":"ImageObject","inLanguage":"es","@id":"https:\/\/www.vicpuntzero.cat\/#\/schema\/logo\/image\/","url":"https:\/\/www.vicpuntzero.cat\/wp-content\/uploads\/2020\/12\/cropped-COLOR_POSITIU_HORITZONTAL.png","contentUrl":"https:\/\/www.vicpuntzero.cat\/wp-content\/uploads\/2020\/12\/cropped-COLOR_POSITIU_HORITZONTAL.png","width":1920,"height":640,"caption":"Vicpuntzero"},"image":{"@id":"https:\/\/www.vicpuntzero.cat\/#\/schema\/logo\/image\/"}}]}},"_links":{"self":[{"href":"https:\/\/www.vicpuntzero.cat\/es\/wp-json\/wp\/v2\/pages\/2713","targetHints":{"allow":["GET"]}}],"collection":[{"href":"https:\/\/www.vicpuntzero.cat\/es\/wp-json\/wp\/v2\/pages"}],"about":[{"href":"https:\/\/www.vicpuntzero.cat\/es\/wp-json\/wp\/v2\/types\/page"}],"author":[{"embeddable":true,"href":"https:\/\/www.vicpuntzero.cat\/es\/wp-json\/wp\/v2\/users\/1"}],"replies":[{"embeddable":true,"href":"https:\/\/www.vicpuntzero.cat\/es\/wp-json\/wp\/v2\/comments?post=2713"}],"version-history":[{"count":249,"href":"https:\/\/www.vicpuntzero.cat\/es\/wp-json\/wp\/v2\/pages\/2713\/revisions"}],"predecessor-version":[{"id":28401,"href":"https:\/\/www.vicpuntzero.cat\/es\/wp-json\/wp\/v2\/pages\/2713\/revisions\/28401"}],"wp:featuredmedia":[{"embeddable":true,"href":"https:\/\/www.vicpuntzero.cat\/es\/wp-json\/wp\/v2\/media\/3581"}],"wp:attachment":[{"href":"https:\/\/www.vicpuntzero.cat\/es\/wp-json\/wp\/v2\/media?parent=2713"}],"curies":[{"name":"wp","href":"https:\/\/api.w.org\/{rel}","templated":true}]}}