{"id":244,"date":"2020-11-27T12:05:38","date_gmt":"2020-11-27T12:05:38","guid":{"rendered":"https:\/\/www.vicpuntzero.cat\/?page_id=244"},"modified":"2021-03-19T11:46:54","modified_gmt":"2021-03-19T09:46:54","slug":"contenido-loc5","status":"publish","type":"page","link":"https:\/\/www.vicpuntzero.cat\/es\/contenido-loc5\/","title":{"rendered":"Sacrist\u00eda"},"content":{"rendered":"<div class=\"wp-block-buttons is-layout-flex wp-block-buttons-is-layout-flex\"><div class=\"wp-block-button backButton\"><a class=\"wp-block-button__link has-background no-border-radius\" href=\"\/es\/mapa\" style=\"background-color:#af1585\" rel=\"\/mapa\">Volver atr\u00e1s<\/a><\/div><\/div><div style=\"height:39px\" aria-hidden=\"true\" class=\"wp-block-spacer\"><\/div><!--[if lt IE 9]><script>document.createElement('audio');<\/script><![endif]-->\n<audio class=\"wp-audio-shortcode\" id=\"audio-244-1\" preload=\"none\" style=\"width: 100%;\" controls=\"controls\"><source type=\"audio\/mpeg\" src=\"https:\/\/www.vicpuntzero.cat\/wp-content\/uploads\/2020\/11\/05-Sacristia.mp3?_=1\" \/><a href=\"https:\/\/www.vicpuntzero.cat\/wp-content\/uploads\/2020\/11\/05-Sacristia.mp3\">https:\/\/www.vicpuntzero.cat\/wp-content\/uploads\/2020\/11\/05-Sacristia.mp3<\/a><\/audio>\n<table width=\"623\" cellspacing=\"0\" cellpadding=\"7\">\n<tbody>\n<tr>\n<td id=\"td-cloc5\" valign=\"top\" width=\"607\">\n<p lang=\"ca-ES\" align=\"left\"><span style=\"font-family: Times, serif;\"><span style=\"font-size: large;\">Estamos en la Sacrist\u00eda de la Iglesia de la Piedad. Esta sala con b\u00f3veda de arista fue construida a finales del siglo XVII.<\/span><\/span><\/p>\n<p lang=\"ca-ES\" align=\"left\"><span style=\"font-family: Times, serif;\"><span style=\"font-size: large;\"><br \/>Preside el espacio un mueble impresionante del siglo XVIII. Fue expresamente dise\u00f1ado y fabricado a medida para usos propios de la sacrist\u00eda como guardar la indumentaria, los c\u00e1lices y otros objetos de la liturgia. La sacrist\u00eda tambi\u00e9n era el lugar donde el sacerdote y el sacrist\u00e1n se vest\u00edan y se preparaban para el servicio lit\u00fargico.<\/span><\/span><\/p>\n<\/td>\n<\/tr>\n<\/tbody>\n<\/table>","protected":false},"excerpt":{"rendered":"<p>Estamos en la Sacrist\u00eda de la Iglesia de la Piedad. Esta sala con b\u00f3veda de arista fue construida a finales del siglo XVII. Preside el espacio un mueble impresionante del siglo XVIII. Fue expresamente dise\u00f1ado y fabricado a medida para usos propios de la sacrist\u00eda como guardar la indumentaria, los c\u00e1lices y otros objetos de [&hellip;]<\/p>\n","protected":false},"author":1,"featured_media":0,"parent":0,"menu_order":0,"comment_status":"closed","ping_status":"closed","template":"","meta":{"footnotes":""},"class_list":["post-244","page","type-page","status-publish","hentry"],"yoast_head":"<!-- This site is optimized with the Yoast SEO plugin v23.9 - https:\/\/yoast.com\/wordpress\/plugins\/seo\/ -->\n<title>Sacrist\u00eda | Vic<\/title>\n<meta name=\"robots\" content=\"index, follow, max-snippet:-1, max-image-preview:large, max-video-preview:-1\" \/>\n<link rel=\"canonical\" href=\"https:\/\/www.vicpuntzero.cat\/es\/contenido-loc5\/\" \/>\n<meta property=\"og:locale\" content=\"es_ES\" \/>\n<meta property=\"og:type\" content=\"article\" \/>\n<meta property=\"og:title\" content=\"Sacrist\u00eda | Vic\" \/>\n<meta property=\"og:description\" content=\"Estamos en la Sacrist\u00eda de la Iglesia de la Piedad. Esta sala con b\u00f3veda de arista fue construida a finales del siglo XVII. Preside el espacio un mueble impresionante del siglo XVIII. Fue expresamente dise\u00f1ado y fabricado a medida para usos propios de la sacrist\u00eda como guardar la indumentaria, los c\u00e1lices y otros objetos de [&hellip;]\" \/>\n<meta property=\"og:url\" content=\"https:\/\/www.vicpuntzero.cat\/es\/contenido-loc5\/\" \/>\n<meta property=\"og:site_name\" content=\"Vic\" \/>\n<meta property=\"article:modified_time\" content=\"2021-03-19T09:46:54+00:00\" \/>\n<meta name=\"twitter:card\" content=\"summary_large_image\" \/>\n<meta name=\"twitter:label1\" content=\"Tiempo de lectura\" \/>\n\t<meta name=\"twitter:data1\" content=\"1 minuto\" \/>\n<script type=\"application\/ld+json\" class=\"yoast-schema-graph\">{\"@context\":\"https:\/\/schema.org\",\"@graph\":[{\"@type\":\"WebPage\",\"@id\":\"https:\/\/www.vicpuntzero.cat\/es\/contenido-loc5\/\",\"url\":\"https:\/\/www.vicpuntzero.cat\/es\/contenido-loc5\/\",\"name\":\"Sacrist\u00eda | Vic\",\"isPartOf\":{\"@id\":\"https:\/\/www.vicpuntzero.cat\/#website\"},\"datePublished\":\"2020-11-27T12:05:38+00:00\",\"dateModified\":\"2021-03-19T09:46:54+00:00\",\"breadcrumb\":{\"@id\":\"https:\/\/www.vicpuntzero.cat\/es\/contenido-loc5\/#breadcrumb\"},\"inLanguage\":\"es\",\"potentialAction\":[{\"@type\":\"ReadAction\",\"target\":[\"https:\/\/www.vicpuntzero.cat\/es\/contenido-loc5\/\"]}]},{\"@type\":\"BreadcrumbList\",\"@id\":\"https:\/\/www.vicpuntzero.cat\/es\/contenido-loc5\/#breadcrumb\",\"itemListElement\":[{\"@type\":\"ListItem\",\"position\":1,\"name\":\"Inici\",\"item\":\"https:\/\/www.vicpuntzero.cat\/\"},{\"@type\":\"ListItem\",\"position\":2,\"name\":\"Sacrist\u00eda\"}]},{\"@type\":\"WebSite\",\"@id\":\"https:\/\/www.vicpuntzero.cat\/#website\",\"url\":\"https:\/\/www.vicpuntzero.cat\/\",\"name\":\"Vic\",\"description\":\"L&#039;origen d&#039;una hist\u00f2ria\",\"publisher\":{\"@id\":\"https:\/\/www.vicpuntzero.cat\/#organization\"},\"potentialAction\":[{\"@type\":\"SearchAction\",\"target\":{\"@type\":\"EntryPoint\",\"urlTemplate\":\"https:\/\/www.vicpuntzero.cat\/?s={search_term_string}\"},\"query-input\":{\"@type\":\"PropertyValueSpecification\",\"valueRequired\":true,\"valueName\":\"search_term_string\"}}],\"inLanguage\":\"es\"},{\"@type\":\"Organization\",\"@id\":\"https:\/\/www.vicpuntzero.cat\/#organization\",\"name\":\"Vicpuntzero\",\"url\":\"https:\/\/www.vicpuntzero.cat\/\",\"logo\":{\"@type\":\"ImageObject\",\"inLanguage\":\"es\",\"@id\":\"https:\/\/www.vicpuntzero.cat\/#\/schema\/logo\/image\/\",\"url\":\"https:\/\/www.vicpuntzero.cat\/wp-content\/uploads\/2020\/12\/cropped-COLOR_POSITIU_HORITZONTAL.png\",\"contentUrl\":\"https:\/\/www.vicpuntzero.cat\/wp-content\/uploads\/2020\/12\/cropped-COLOR_POSITIU_HORITZONTAL.png\",\"width\":1920,\"height\":640,\"caption\":\"Vicpuntzero\"},\"image\":{\"@id\":\"https:\/\/www.vicpuntzero.cat\/#\/schema\/logo\/image\/\"}}]}<\/script>\n<!-- \/ Yoast SEO plugin. -->","yoast_head_json":{"title":"Sacrist\u00eda | Vic","robots":{"index":"index","follow":"follow","max-snippet":"max-snippet:-1","max-image-preview":"max-image-preview:large","max-video-preview":"max-video-preview:-1"},"canonical":"https:\/\/www.vicpuntzero.cat\/es\/contenido-loc5\/","og_locale":"es_ES","og_type":"article","og_title":"Sacrist\u00eda | Vic","og_description":"Estamos en la Sacrist\u00eda de la Iglesia de la Piedad. Esta sala con b\u00f3veda de arista fue construida a finales del siglo XVII. Preside el espacio un mueble impresionante del siglo XVIII. Fue expresamente dise\u00f1ado y fabricado a medida para usos propios de la sacrist\u00eda como guardar la indumentaria, los c\u00e1lices y otros objetos de [&hellip;]","og_url":"https:\/\/www.vicpuntzero.cat\/es\/contenido-loc5\/","og_site_name":"Vic","article_modified_time":"2021-03-19T09:46:54+00:00","twitter_card":"summary_large_image","twitter_misc":{"Tiempo de lectura":"1 minuto"},"schema":{"@context":"https:\/\/schema.org","@graph":[{"@type":"WebPage","@id":"https:\/\/www.vicpuntzero.cat\/es\/contenido-loc5\/","url":"https:\/\/www.vicpuntzero.cat\/es\/contenido-loc5\/","name":"Sacrist\u00eda | Vic","isPartOf":{"@id":"https:\/\/www.vicpuntzero.cat\/#website"},"datePublished":"2020-11-27T12:05:38+00:00","dateModified":"2021-03-19T09:46:54+00:00","breadcrumb":{"@id":"https:\/\/www.vicpuntzero.cat\/es\/contenido-loc5\/#breadcrumb"},"inLanguage":"es","potentialAction":[{"@type":"ReadAction","target":["https:\/\/www.vicpuntzero.cat\/es\/contenido-loc5\/"]}]},{"@type":"BreadcrumbList","@id":"https:\/\/www.vicpuntzero.cat\/es\/contenido-loc5\/#breadcrumb","itemListElement":[{"@type":"ListItem","position":1,"name":"Inici","item":"https:\/\/www.vicpuntzero.cat\/"},{"@type":"ListItem","position":2,"name":"Sacrist\u00eda"}]},{"@type":"WebSite","@id":"https:\/\/www.vicpuntzero.cat\/#website","url":"https:\/\/www.vicpuntzero.cat\/","name":"Vic","description":"L&#039;origen d&#039;una hist\u00f2ria","publisher":{"@id":"https:\/\/www.vicpuntzero.cat\/#organization"},"potentialAction":[{"@type":"SearchAction","target":{"@type":"EntryPoint","urlTemplate":"https:\/\/www.vicpuntzero.cat\/?s={search_term_string}"},"query-input":{"@type":"PropertyValueSpecification","valueRequired":true,"valueName":"search_term_string"}}],"inLanguage":"es"},{"@type":"Organization","@id":"https:\/\/www.vicpuntzero.cat\/#organization","name":"Vicpuntzero","url":"https:\/\/www.vicpuntzero.cat\/","logo":{"@type":"ImageObject","inLanguage":"es","@id":"https:\/\/www.vicpuntzero.cat\/#\/schema\/logo\/image\/","url":"https:\/\/www.vicpuntzero.cat\/wp-content\/uploads\/2020\/12\/cropped-COLOR_POSITIU_HORITZONTAL.png","contentUrl":"https:\/\/www.vicpuntzero.cat\/wp-content\/uploads\/2020\/12\/cropped-COLOR_POSITIU_HORITZONTAL.png","width":1920,"height":640,"caption":"Vicpuntzero"},"image":{"@id":"https:\/\/www.vicpuntzero.cat\/#\/schema\/logo\/image\/"}}]}},"_links":{"self":[{"href":"https:\/\/www.vicpuntzero.cat\/es\/wp-json\/wp\/v2\/pages\/244","targetHints":{"allow":["GET"]}}],"collection":[{"href":"https:\/\/www.vicpuntzero.cat\/es\/wp-json\/wp\/v2\/pages"}],"about":[{"href":"https:\/\/www.vicpuntzero.cat\/es\/wp-json\/wp\/v2\/types\/page"}],"author":[{"embeddable":true,"href":"https:\/\/www.vicpuntzero.cat\/es\/wp-json\/wp\/v2\/users\/1"}],"replies":[{"embeddable":true,"href":"https:\/\/www.vicpuntzero.cat\/es\/wp-json\/wp\/v2\/comments?post=244"}],"version-history":[{"count":14,"href":"https:\/\/www.vicpuntzero.cat\/es\/wp-json\/wp\/v2\/pages\/244\/revisions"}],"predecessor-version":[{"id":4027,"href":"https:\/\/www.vicpuntzero.cat\/es\/wp-json\/wp\/v2\/pages\/244\/revisions\/4027"}],"wp:attachment":[{"href":"https:\/\/www.vicpuntzero.cat\/es\/wp-json\/wp\/v2\/media?parent=244"}],"curies":[{"name":"wp","href":"https:\/\/api.w.org\/{rel}","templated":true}]}}